{"id":268,"date":"2023-05-01T12:33:10","date_gmt":"2023-05-01T12:33:10","guid":{"rendered":"https:\/\/moasele.ro\/?post_type=comunicat-de-presa&#038;p=268"},"modified":"2023-05-05T19:28:13","modified_gmt":"2023-05-05T19:28:13","slug":"comunicat-de-presa-asociatia-moaselor-independente-solicita-ministrului-sanatatii-redeschiderea-programelor-de-educatie-si-formare-a-moaselor-in-cadrul-institutiilor-de-invatamant-medical-e","status":"publish","type":"comunicat-de-presa","link":"https:\/\/moasele.ro\/en\/comunicat-de-presa\/comunicat-de-presa-asociatia-moaselor-independente-solicita-ministrului-sanatatii-redeschiderea-programelor-de-educatie-si-formare-a-moaselor-in-cadrul-institutiilor-de-invatamant-medical-e\/","title":{"rendered":"Comunicat de pres\u0103 \u2013 Asocia\u021bia Moa\u0219elor Independente solicit\u0103 ministrului S\u0103n\u0103t\u0103\u021bii redeschiderea programelor de educa\u021bie \u0219i formare a moa\u0219elor \u00een cadrul institu\u021biilor de \u00eenv\u0103\u021b\u0103m\u00e2nt medical: Exist\u0103 riscul extinc\u021biei profesiei de moa\u0219\u0103"},"content":{"rendered":"<p>Asocia\u021bia Moa\u0219elor Independente (AMI) a solicitat, \u00eentr-o scrisoare deschis\u0103 transmis\u0103 ministrului S\u0103n\u0103t\u0103\u021bii, Alexandru Rafila, redeschiderea programelor de educa\u021bie \u0219i formare a moa\u0219elor \u00een cadrul institu\u021biilor de \u00eenv\u0103\u021b\u0103m\u00e2nt medical, ar\u0103t\u00e2nd c\u0103 aceast\u0103 specializare a fost desfiin\u021bat\u0103 din centrele universitare din \u021bar\u0103 \u0219i c\u0103 Rom\u00e2nia este singura \u021bar\u0103 european\u0103 \u00een care exist\u0103 riscul extinc\u021biei profesiei de moa\u0219\u0103, de\u0219i \u021bara noastr\u0103 \u00eenregistreaz\u0103 cele mai ridicate rate ale mortalit\u0103\u021bii materne \u0219i infantile din Europa.<\/p>\n<p><em>\u201e\u00cen prezent, exist\u0103 un singur program de educa\u021bie pentru moa\u0219e la nivel na\u021bional, \u00een cadrul Universit\u0103\u021bii\u00a0<\/em><em>\u00ab<\/em><em>Dun\u0103rea de Jos<\/em><em>\u00bb<\/em>\u00a0<em>din Gala\u0163i. Rom\u00e2nia, de\u0219i \u00eenregistreaz\u0103 cele mai \u00eenalte rate ale mortalit\u0103\u021bii materne \u0219i infantile din Europa, este singura \u021bar\u0103 european\u0103 \u00een care exist\u0103 riscul extinc\u021biei profesiei de moa\u0219\u0103 (avem sub 500 de\u00a0persoane licen\u021biate ca moa\u0219\u0103, num\u0103rul fiind \u00een sc\u0103dere).\u00a0La extrema cealalt\u0103, sistemele de s\u0103n\u0103tate ale \u021b\u0103rilor nordice, spre exemplu, de\u021bin\u0103toarele celor mai favorabili indici de s\u0103n\u0103tate reproductiv\u0103, consider\u0103 moa\u0219a pionul principal \u00een acordarea serviciilor de s\u0103n\u0103tate reproductiv\u0103 \u0219i atribuie o aten\u021bie deosebit\u0103 dezvolt\u0103rii acestei profesii. Prin urmare, consider\u0103m c\u0103 este esen\u021bial s\u0103 redeschide\u021bi programele de educa\u021bie \u0219i formare a moa\u0219elor \u00een programele universitare, astfel \u00eenc\u00e2t departamentele materno-infantile s\u0103 fie acoperite cu ace\u0219ti speciali\u0219ti, fapt care va determina o cre\u0219tere a calit\u0103\u021bii \u00eengrijirilor acordate \u00een domeniul s\u0103n\u0103t\u0103\u021bii materno-infantile, precum \u0219i o sc\u0103dere a complica\u021biilor \u0219i a interven\u021biilor inutile \u0219i, implicit, va reduce \u0219i costurile \u00een sistemul de s\u0103n\u0103tate rom\u00e2nesc\u201d<\/em>, se arat\u0103 \u00een scrisoarea deschis\u0103 transmis\u0103 ministrului S\u0103n\u0103t\u0103\u021bii de c\u0103tre Asocia\u021bia Moa\u0219elor Independente.<\/p>\n<p>\u00cen scrisoare se mai arat\u0103 c\u0103 profesia de moa\u0219\u0103 presupune dreptul de acces \u015fi exercitare a activit\u0103\u021bilor conform legii \u00een mod autonom, necondi\u021bionate sau delegate c\u0103tre alt personal medical, conform transpunerii legisla\u021biei europene \u00een domeniu, \u00eens\u0103, \u00een prezent, normele metodologice privind exercitarea profesiei de asistent medical generalist, de moa\u0219\u0103 \u015fi de asistent medical \u00een regim independent prev\u0103d c\u0103 moa\u0219a \u00ee\u0219i exercit\u0103 activitatea de\u00a0\u00eengrijiri medicale doar\u00a0ca servicii delegate, exclusiv la prescrip\u021bia medicului sau cu condi\u021bia ca un medic s\u0103 poat\u0103 interveni \u00een orice moment \u0219i, astfel, autonomia \u0219i independen\u021ba activit\u0103\u021bilor profesiei de moa\u0219\u0103 nu mai exist\u0103. De asemenea, AMI arat\u0103 c\u0103 a transmis \u00een iunie 2022 observa\u021bii \u0219i sugestii la actul normativ propus de Ordinul Asisten\u021bilor Medicali Generali\u0219ti, Moa\u0219elor \u0219i Asisten\u021bilor Medicali din Rom\u00e2nia, depus spre consultare la Ministerul S\u0103n\u0103t\u0103\u021bii, prin care propune modificarea \u0219i completarea normelor metodologice, \u00eens\u0103, p\u00e2n\u0103 \u00een prezent, nu a primit niciun r\u0103spuns.<\/p>\n<p style=\"text-align: center;\"><img loading=\"lazy\" decoding=\"async\" class=\"alignnone wp-image-269 size-full\" src=\"https:\/\/moasele.ro\/wp-content\/uploads\/2023\/04\/Scrisoare-deschisa-Asociatia-Moaselor-Independente-ministrului-Sanatatii-Alexandru-Rafila_04.10.2022_page-0001-791x1024-1.jpg\" alt=\"\" width=\"791\" height=\"1024\" srcset=\"https:\/\/moasele.ro\/wp-content\/uploads\/2023\/04\/Scrisoare-deschisa-Asociatia-Moaselor-Independente-ministrului-Sanatatii-Alexandru-Rafila_04.10.2022_page-0001-791x1024-1.jpg 791w, https:\/\/moasele.ro\/wp-content\/uploads\/2023\/04\/Scrisoare-deschisa-Asociatia-Moaselor-Independente-ministrului-Sanatatii-Alexandru-Rafila_04.10.2022_page-0001-791x1024-1-600x777.jpg 600w, https:\/\/moasele.ro\/wp-content\/uploads\/2023\/04\/Scrisoare-deschisa-Asociatia-Moaselor-Independente-ministrului-Sanatatii-Alexandru-Rafila_04.10.2022_page-0001-791x1024-1-232x300.jpg 232w, https:\/\/moasele.ro\/wp-content\/uploads\/2023\/04\/Scrisoare-deschisa-Asociatia-Moaselor-Independente-ministrului-Sanatatii-Alexandru-Rafila_04.10.2022_page-0001-791x1024-1-768x994.jpg 768w\" sizes=\"auto, (max-width: 791px) 100vw, 791px\" \/><\/p>\n<p><center><img loading=\"lazy\" decoding=\"async\" class=\"alignnone wp-image-270 size-full aligncenter\" src=\"https:\/\/moasele.ro\/wp-content\/uploads\/2023\/04\/Scrisoare-deschisa-Asociatia-Moaselor-Independente-ministrului-Sanatatii-Alexandru-Rafila_04.10.2022_page-0002-791x1024-1.jpg\" alt=\"\" width=\"791\" height=\"1024\" srcset=\"https:\/\/moasele.ro\/wp-content\/uploads\/2023\/04\/Scrisoare-deschisa-Asociatia-Moaselor-Independente-ministrului-Sanatatii-Alexandru-Rafila_04.10.2022_page-0002-791x1024-1.jpg 791w, https:\/\/moasele.ro\/wp-content\/uploads\/2023\/04\/Scrisoare-deschisa-Asociatia-Moaselor-Independente-ministrului-Sanatatii-Alexandru-Rafila_04.10.2022_page-0002-791x1024-1-600x777.jpg 600w, https:\/\/moasele.ro\/wp-content\/uploads\/2023\/04\/Scrisoare-deschisa-Asociatia-Moaselor-Independente-ministrului-Sanatatii-Alexandru-Rafila_04.10.2022_page-0002-791x1024-1-232x300.jpg 232w, https:\/\/moasele.ro\/wp-content\/uploads\/2023\/04\/Scrisoare-deschisa-Asociatia-Moaselor-Independente-ministrului-Sanatatii-Alexandru-Rafila_04.10.2022_page-0002-791x1024-1-768x994.jpg 768w\" sizes=\"auto, (max-width: 791px) 100vw, 791px\" \/><\/center><br \/>\n<center><br \/>\n__________<\/p>\n<p><em><strong>Pentru detalii:<\/strong><\/em><\/p>\n<p><em>Melania Elena Tudose<\/em><\/p>\n<p><em>Pre\u0219edint\u0103, Asocia\u021bia Moa\u0219elor Independente<\/em><\/p>\n<p><em>Vicepre\u0219edint\u0103, European Midwives Association<\/em><\/p>\n<p><em>\u00a0+40722 751 540 \/ contact.moasele@gmail.com<\/em><\/p>\n<p>&nbsp;<\/p>","protected":false},"featured_media":269,"template":"","class_list":["post-268","comunicat-de-presa","type-comunicat-de-presa","status-publish","has-post-thumbnail","hentry"],"acf":[],"_links":{"self":[{"href":"https:\/\/moasele.ro\/en\/wp-json\/wp\/v2\/comunicat-de-presa\/268","targetHints":{"allow":["GET"]}}],"collection":[{"href":"https:\/\/moasele.ro\/en\/wp-json\/wp\/v2\/comunicat-de-presa"}],"about":[{"href":"https:\/\/moasele.ro\/en\/wp-json\/wp\/v2\/types\/comunicat-de-presa"}],"wp:featuredmedia":[{"embeddable":true,"href":"https:\/\/moasele.ro\/en\/wp-json\/wp\/v2\/media\/269"}],"wp:attachment":[{"href":"https:\/\/moasele.ro\/en\/wp-json\/wp\/v2\/media?parent=268"}],"curies":[{"name":"wp","href":"https:\/\/api.w.org\/{rel}","templated":true}]}}