{"id":272,"date":"2023-04-26T12:34:30","date_gmt":"2023-04-26T12:34:30","guid":{"rendered":"https:\/\/moasele.ro\/?post_type=comunicat-de-presa&#038;p=272"},"modified":"2025-07-27T10:49:36","modified_gmt":"2025-07-27T08:49:36","slug":"comunicat-de-presa-reteaua-grija-de-mama-cursuri-pentru-imbunatatirea-accesului-la-asistenta-medicala-si-a-sprijinului-pentru-mame-si-copii","status":"publish","type":"comunicat-de-presa","link":"https:\/\/moasele.ro\/en\/comunicat-de-presa\/comunicat-de-presa-reteaua-grija-de-mama-cursuri-pentru-imbunatatirea-accesului-la-asistenta-medicala-si-a-sprijinului-pentru-mame-si-copii\/","title":{"rendered":"Comunicat de pres\u0103 \u2013 Re\u021beaua \u201eGrij\u0103 de mam\u0103\u201d \u2013 Cursuri pentru \u00eembun\u0103t\u0103\u021birea accesului la asisten\u021b\u0103 medical\u0103 \u0219i a sprijinului pentru mame \u0219i copii"},"content":{"rendered":"<p>\u00cencep\u00e2nd din august 2022, Asocia\u021bia Moa\u0219elor Independente (AMI) furnizeaz\u0103, ca parte a Proiectului \u201eRe\u021bea de sprijin pentru s\u0103n\u0103tatea reproducerii \u0219i cre\u0219terea accesului la \u00eengrijire pediatric\u0103 pentru femeile \u0219i copiii refugia\u021bi\u201d, derulat cu sprijinul tehnic \u0219i financiar al UNICEF \u00een Rom\u00e2nia<em>,\u00a0<\/em>servicii medicale pentru femei \u0219i mame refugiate din Ucraina, consulta\u021bii pentru nou-n\u0103scu\u021bi, educa\u021bie pre \u0219i postnatal\u0103. De asemenea, tot ca parte a proiectului care se va derula p\u00e2n\u0103 \u00een iulie 2023, AMI va oferi consultan\u021b\u0103 pentru al\u0103ptare, consulta\u021bii \u0219i vaccinare pentru copiii refugia\u021bi \u00een Bucure\u0219ti, sprijin \u0219i \u00eendrumare pentru accesarea serviciilor medicale, informare \u0219i call center pentru s\u0103n\u0103tatea reproducerii \u0219i prevenirea violen\u021bei de gen, activit\u0103\u021bi recreative pentru copii, servicii de traducere \u0219i suport juridic pentru refugia\u021bi, precum \u0219i cursuri dedicate personalului medical.<\/p>\n<p>Din aceast\u0103 lun\u0103, Asocia\u021bia Moa\u0219elor Independente organizeaz\u0103 cursuri de preg\u0103tire pentru medici, moa\u0219e, asisten\u021bi medicali din \u00eengrijirea primar\u0103 \u0219i maternit\u0103\u021bi \u2013 s\u0103 lucreze direct cu femeile \u0219i copiii, inclusiv refugia\u021bi \u00een Rom\u00e2nia, fiind prima ini\u021biativ\u0103 de acest gen care aduce \u00eempreun\u0103 profesioni\u0219ti medicali din \u00eengrijirea primar\u0103, secundar\u0103 \u0219i ter\u021biar\u0103. Cursurile de preg\u0103tire se adreseaz\u0103 medicilor de familie, asistentelor medicale din \u00eengrijirea primar\u0103, medicilor reziden\u021bi de obstetric\u0103-ginecologie \u0219i neonatologie, moa\u0219elor, asistentelor medicale de neonatologie \u0219i de obstetric\u0103-ginecologie \u0219i se desf\u0103\u0219oar\u0103 \u00een perioada septembrie 2022 \u2013 martie 2023, \u00een \u0219ase ora\u0219e din Rom\u00e2nia (Bucure\u0219ti, Constan\u021ba, Bra\u0219ov, Vaslui, Suceava, Ia\u0219i).<\/p>\n<p>Sesiunile de curs vor fi sus\u021binute cu sprijinul a opt speciali\u0219ti \u2013 medici neonatologi, moa\u0219e, exper\u021bi \u00een alfabetizare \u00een s\u0103n\u0103tate, psihologie, consultan\u021bi \u00een al\u0103ptare (IBCLC), s\u0103n\u0103tate public\u0103, respectiv \u00een combaterea violen\u021bei sexuale \u0219i de gen \u2013 \u0219i vor fi organizate pentru 250 de participan\u021bi.<\/p>\n<p>Totodat\u0103, \u00een cadrul proiectului, echipele de speciali\u0219ti vor avea \u00eent\u00e2lniri legate de activitatea de formare cu reprezentan\u021bi ai medicilor de familie, reprezentan\u021bi ai asisten\u021bilor medicali \u0219i moa\u0219elor, ai Ministerului S\u0103n\u0103t\u0103\u021bii, Casei Na\u021bionale de Asigur\u0103ri de S\u0103n\u0103tate, Autorit\u0103\u021bii Na\u021bionale de Management al Calit\u0103\u021bii \u00een S\u0103n\u0103tate, ai direc\u021biilor de s\u0103n\u0103tate public\u0103, ai autorit\u0103\u021bilor locale \u0219i organiza\u021bii ale societ\u0103\u021bii civile.<\/p>\n<p>\"<em>Re\u021beaua \u00abGrij\u0103 de mam\u0103\u00bb reune\u0219te furnizori de servicii medicale specializate \u0219i are drept obiectiv principal \u00eembun\u0103t\u0103\u021birea accesului la asisten\u021b\u0103 medical\u0103 \u0219i a sprijinului pentru mame \u0219i copii, precum \u0219i cre\u0219terea accesului la \u00eengrijire antenatal\u0103, educa\u021bie pre \u0219i postnatal\u0103, sprijin pentru al\u0103ptare \u0219i vaccinare. Aceasta este prima ini\u021biativ\u0103 de acest gen care aduce \u00eempreun\u0103 profesioni\u0219ti medicali din \u00eengrijirea primar\u0103, secundar\u0103 \u0219i ter\u021biar\u0103 \u0219i se desf\u0103\u0219oar\u0103 cu sprijinul UNICEF \u00een Rom\u00e2nia<\/em>\u201d, a declarat AMI.<\/p>\n<p>\"<em>Mamele refugiate din calea r\u0103zboiului din Ucraina au nevoie de toat\u0103 sus\u021binerea noastr\u0103 pentru a putea accesa serviciile necesare pentru ele \u0219i pentru bun\u0103starea copiilor lor. Pentru a realiza acest lucru, trebuie s\u0103 colabor\u0103m cu parteneri institu\u021bionali, din societatea civil\u0103 \u0219i din mediul de afaceri, \u00een vederea cre\u0219terii capacit\u0103\u021bii furnizorilor de servicii. Proiectul la care lucr\u0103m \u00eempreun\u0103 cu Asocia\u021bia Moa\u0219elor Independente este unul dintre cele mai bune exemple de ac\u021biuni concrete de care vor benefica \u00een final nu doar refugia\u021bii afla\u021bi \u00een \u021bar\u0103, ci \u0219i alte categorii vulnerabile din Rom\u00e2nia, deoarece profesioni\u0219tii din domeniul medical vor fi mai bine preg\u0103ti\u021bi s\u0103 le furnizeze serviciile de care au nevoie<\/em>\u201d, a declarat Anna Riatti, Reprezentanta UNICEF \u00een Rom\u00e2nia.<\/p>\n<p>Pe l\u00e2ng\u0103 preg\u0103tirea universitar\u0103 \u0219i profesional\u0103 de specialitate, trainerii care sus\u021bin cursurile au beneficiat la r\u00e2ndul lor de formare de specialitate pentru dezvoltarea competen\u021belor de facilitare \u0219i promovare a serviciilor dedicate mamelor \u0219i copiilor, inclusiv refugia\u021bi \u00een Rom\u00e2nia.<\/p>\n<p>Cursurile se bazeaz\u0103 pe cele mai noi \u0219i eficiente practici privind alfabetizarea \u00een domeniul s\u0103n\u0103t\u0103\u021bii, m\u0103surile de s\u0103n\u0103tate public\u0103, educa\u021bia prenatal\u0103 \u0219i postnatal\u0103, consilierea \u0219i sprijinul \u00een domeniul al\u0103pt\u0103rii, \u00eengrijirea medical\u0103 \u0219i preven\u021bia pentru nou-n\u0103scu\u021bi \u0219i copii, promovarea vaccin\u0103rii pentru popula\u021bia pediatric\u0103 din Rom\u00e2nia, inclusiv refugiat\u0103 \u0219i combaterea violen\u021bei sexuale \u0219i de gen.<\/p>\n<p>Structura cursurilor, calendarul, criteriile de \u00eenscriere \u0219i selec\u021bie pot fi accesate\u00a0<a href=\"https:\/\/moasele.ro\/en\/grija-de-mama-termeni-si-conditii\/\"><em>here<\/em><\/a><em><u>.<\/u><\/em><\/p>\n<p>&nbsp;<\/p>\n<p><center><img loading=\"lazy\" decoding=\"async\" class=\"size-medium wp-image-273 aligncenter\" src=\"https:\/\/moasele.ro\/wp-content\/uploads\/2023\/04\/cropped-AMI-logo-test-1-321x229-1-300x214.png\" alt=\"\" width=\"300\" height=\"214\" srcset=\"https:\/\/moasele.ro\/wp-content\/uploads\/2023\/04\/cropped-AMI-logo-test-1-321x229-1-300x214.png 300w, https:\/\/moasele.ro\/wp-content\/uploads\/2023\/04\/cropped-AMI-logo-test-1-321x229-1.png 321w\" sizes=\"auto, (max-width: 300px) 100vw, 300px\" \/><\/center><\/p>","protected":false},"featured_media":3155,"template":"","class_list":["post-272","comunicat-de-presa","type-comunicat-de-presa","status-publish","has-post-thumbnail","hentry"],"acf":[],"_links":{"self":[{"href":"https:\/\/moasele.ro\/en\/wp-json\/wp\/v2\/comunicat-de-presa\/272","targetHints":{"allow":["GET"]}}],"collection":[{"href":"https:\/\/moasele.ro\/en\/wp-json\/wp\/v2\/comunicat-de-presa"}],"about":[{"href":"https:\/\/moasele.ro\/en\/wp-json\/wp\/v2\/types\/comunicat-de-presa"}],"wp:featuredmedia":[{"embeddable":true,"href":"https:\/\/moasele.ro\/en\/wp-json\/wp\/v2\/media\/3155"}],"wp:attachment":[{"href":"https:\/\/moasele.ro\/en\/wp-json\/wp\/v2\/media?parent=272"}],"curies":[{"name":"wp","href":"https:\/\/api.w.org\/{rel}","templated":true}]}}