{"id":895,"date":"2023-10-10T15:53:31","date_gmt":"2023-10-10T15:53:31","guid":{"rendered":"https:\/\/moasele.ro\/?post_type=comunicat-de-presa&#038;p=895"},"modified":"2025-07-27T10:31:02","modified_gmt":"2025-07-27T08:31:02","slug":"campanie-informare-preventie-si-suport-depresie-femei-gravide-proaspete-mame","status":"publish","type":"comunicat-de-presa","link":"https:\/\/moasele.ro\/en\/comunicat-de-presa\/campanie-informare-preventie-si-suport-depresie-femei-gravide-proaspete-mame\/","title":{"rendered":"Campanie de informare, preven\u021bie \u0219i suport pentru femei, gravide \u0219i proaspete mame care se confrunt\u0103 cu depresie, lansat\u0103 \u00een premier\u0103 \u00een Rom\u00e2nia de Happy Minds \u0219i Asocia\u021bia Moa\u0219elor Independente"},"content":{"rendered":"<p><strong>10.10.2023 (COMUNICAT DE PRES\u0102) Bucure\u0219ti &#8211; <\/strong>Asocia\u021bia Happy Minds \u0219i Asocia\u021bia Moa\u0219elor Independente lanseaz\u0103, \u00een premier\u0103, la nivel na\u021bional, o campanie de informare \u0219i o linie telefonic\u0103 de preven\u021bie \u0219i suport &#8211; MAMA &#8211; Maternitate Asistat\u0103 Mental \u0219i Afectiv &#8211; special dedicate suportului psiho-emo\u021bional pentru femeile aflate \u00eenainte de sarcin\u0103, \u00een timpul sarcinii \u0219i dup\u0103 sarcin\u0103.<\/p>\n<p style=\"font-weight: 400;\">Potrivit celor dou\u0103 organiza\u021bii, scopul acestei campanii este de a pune \u00een lumin\u0103 importan\u021ba s\u0103n\u0103t\u0103\u021bii mintale a mamelor \u0219i de a aborda problema des \u00eent\u00e2lnitei depresii \u00een r\u00e2ndul femeilor pe parcursul maternit\u0103\u021bii. Cele dou\u0103 asocia\u021bii arat\u0103 c\u0103 1 din 5 femei experimenteaz\u0103 tulbur\u0103ri de s\u0103n\u0103tate mintal\u0103 \u00een timpul sarcinii sau dup\u0103 na\u0219tere, potrivit studiilor recente de specialitate.<\/p>\n<p style=\"font-weight: 400;\">La baza acestui proiect st\u0103 linia de asisten\u021b\u0103 telefonic\u0103 gratuit\u0103 0374.451.362, operat\u0103 24\/7 de un grup dedicat de psihologi voluntari preg\u0103ti\u021bi s\u0103 ofere suport emo\u021bional \u0219i asisten\u021b\u0103 \u00een timpul perioadelor stresante \u0219i pline de incertitudine cu care femeile se pot confrunta pe parcursul maternit\u0103\u021bii. Totodat\u0103, apeluri la Serviciul de urgen\u021b\u0103 112 pot fi redirec\u021bionate c\u0103tre helpline ca urmare a parteneriatului existent \u00eentre depreHUB \u0219i Serviciul de Telecomunica\u021bii Speciale (STS).<\/p>\n<p style=\"font-weight: 400;\">\u00cen cadrul campaniei MAMA, cele dou\u0103 organiza\u021bii urmeaz\u0103 s\u0103 lanseze \u0219i materiale informative pentru femei, s\u0103 promoveze rolul tat\u0103lui \u0219i al familiei \u00een sus\u021binerea femeii \u0219i importan\u021ba unei alimenta\u021bii s\u0103n\u0103toase, printre altele, precum \u0219i s\u0103 organizeze dezbateri cu autorit\u0103\u021bile privind strategiile eficiente de preven\u021bie \u0219i metodele psihoterapeutice \u00een combaterea depresiei.<\/p>\n<p style=\"font-weight: 400;\"><em>\u201eLansarea acestei campanii coincide cu aniversarea a 4 ani de depreHUB, primul hub antidepresie din Rom\u00e2nia care promoveaz\u0103 s\u0103n\u0103tatea mintal\u0103 prin servicii \u0219i instrumente de urgen\u021b\u0103 \u0219i sprijin psihosocial 24\/7, la nivel na\u021bional. Extindem acum proiectul nostru \u0219i, \u00een parteneriat cu Asocia\u021bia Moa\u0219elor Independente, ne adres\u0103m \u00een special femeilor, gravidelor \u0219i mamelor. Stresul cotidian, falsele modele din social media de mame \u00abperfecte\u00bb, diferen\u021bele dintre genera\u021bii \u00een ceea ce prive\u0219te abordarea maternit\u0103\u021bii, rolul copilului \u00een familie ast\u0103zi \u0219i modelul extrem de concuren\u021bial de educa\u021bie pune presiune pe rolul mamei. Nu ajut\u0103 nici noile constructe familiale unde c\u0103s\u0103toria sau familia format\u0103 nu mai sunt baza securizant\u0103 a unei mame. Apoi, v\u00e2rsta tot mai \u00eenaintat\u0103 a mamei o face s\u0103 aib\u0103 tot mai multe frici sau exigen\u021be despre cum va fi ca mama. Toate aceste detalii ar fi extrem de util s\u0103 fie descoperite \u0219i fixate \u00eentr-un proces m\u0103car de dezvoltare personal\u0103 dac\u0103 nu \u00eentr-unul psihoterapeutic. Nu avem cum s\u0103 \u0219tim ce nu \u0219tim! P\u0103rin\u021bii au nevoie s\u0103 \u0219tie unul de la altul, cu ce vine fiecare \u00een noua familie, ce rol atribuie copilului \u0219i care sunt divergen\u021bele cu privire la rolul \u0219i a\u0219tept\u0103rile fa\u021b\u0103 de copil \u0219i fa\u021b\u0103 de rolul de p\u0103rinte de la sine \u0219i de la cel\u0103lalt\u201d<\/em>, afirm\u0103 Yolanda Cre\u021bescu, psiholog \u0219i pre\u0219edinta Asocia\u021biei Happy Minds.<\/p>\n<p style=\"font-weight: 400;\"><em>\u201eEste important s\u0103 con\u0219tientiz\u0103m c\u0103 depresia \u00een timpul sarcinii \u0219i postpartum este o afec\u021biune medical\u0103 \u0219i c\u0103 exist\u0103 sprijin \u0219i tratament disponibile, cum ar fi consilierea, psihoterapia \u0219i, \u00een unele cazuri, medicamente prescrise de un medic specialist. Dac\u0103 \u00eent\u00e2mpini simptome de depresie, tu sau o persoan\u0103 pe care o cuno\u0219ti, este important s\u0103 solicita\u021bi ajutor de specialitate c\u00e2t mai cur\u00e2nd posibil. Este esen\u021bial s\u0103 \u0219tim c\u0103 s\u0103n\u0103tatea noastr\u0103 mintal\u0103 este la fel de important\u0103 ca cea fizic\u0103, iar campania MAMA \u00ee\u0219i propune s\u0103 aduc\u0103 acest lucru \u00een prim-plan. Totodat\u0103, campania noastr\u0103 pune accentul \u0219i pe rolul esen\u021bial al tat\u0103lui \u0219i al familiei extinse \u00een p\u0103strarea unei st\u0103ri de bine mintale pentru mam\u0103. Sus\u021binerea partenerului \u0219i a familiei reprezint\u0103 un factor de baz\u0103 \u00een dep\u0103\u0219irea oric\u0103rei probleme de s\u0103n\u0103tate mintal\u0103\u201d<\/em>, a declarat AMI.<\/p>\n<p style=\"font-weight: 400;\">Suportul psiho-emo\u021bional pentru mamele care sufer\u0103 de depresie urm\u0103re\u0219te identificarea simptomelor de:<\/p>\n<p style=\"font-weight: 400;\"><strong>Depresie prenatal\u0103<\/strong>: Acest tip de depresie apare \u00een timpul sarcinii \u0219i poate fi influen\u021bat\u0103 de schimb\u0103rile hormonale, stresul, anxietatea legat\u0103 de sarcin\u0103 sau al\u021bi factori. Simptomele pot include triste\u021be persistent\u0103, anxietate, sentimente de vinov\u0103\u021bie, pierderea interesului \u0219i bucuriei \u0219i schimb\u0103ri ale somnului \u0219i apetitului.<br \/>\n<strong>Depresie postpartum<\/strong>: Aceast\u0103 form\u0103 de depresie apare dup\u0103 na\u0219tere \u0219i poate afecta p\u00e2n\u0103 la 20% dintre femei. Simptomele pot fi similare cu cele ale depresiei prenatale, dar pot include \u0219i o intensificare a sentimentelor de triste\u021be, vinov\u0103\u021bie sau de a nu fi o mam\u0103 bun\u0103. Depresia postpartum poate afecta capacitatea femeii de a se lega emo\u021bional de bebelu\u0219 \u0219i de a avea grij\u0103 de el.<br \/>\n<strong>Depresie perinatal\u0103<\/strong>: Acest termen include at\u00e2t depresia prenatal\u0103, c\u00e2t \u0219i cea postpartum, acoperind perioada de la concep\u021bie p\u00e2n\u0103 la un an dup\u0103 na\u0219tere. Perinatal se refer\u0103 la perioada \u00eenainte \u0219i dup\u0103 na\u0219tere.<\/p>\n<p>Potrivit Asocia\u021biei Happy Minds, num\u0103rul femeilor care se preg\u0103tesc s\u0103 devin\u0103 mame, dar care tr\u0103iesc \u0219i simptome de depresie, a crescut fa\u021b\u0103 de anii trecu\u021bi. Dintre acestea, 66% au v\u00e2rste cuprinse \u00eentre 19 \u0219i 28 ani, iar 33% \u00eentre 29 \u0219i 38 ani.<\/p>\n<p style=\"font-weight: 400;\">***<br \/>\nPotrivit datelor \u00eenregistrate la Helpline depreHUB, \u00een 2023 au fost preluate 1.752 de apeluri, dintre care 1.584 de apeluri unice. Dintre persoanele care au apelat, 37% s-au confruntat cu depresie, 30% cu anxietate, 8% cu tentativ\u0103 de suicid, 3% cu adic\u021bie \u0219i 22% cu alte patologii. De la \u00eenceputul anului, \u00een urma parteneriatului dintre depreHUB \u0219i STS, Serviciul de urgen\u021b\u0103 112 a redirec\u021bionat c\u0103tre Helpline depreHUB 57 de apeluri ale unor persoane cu idea\u021bie suicidar\u0103.<\/p>\n<p style=\"font-weight: 400;\"><strong>Despre Asocia\u021bia Happy Minds<\/strong><br \/>\nHappy Minds este o asocia\u021bie \u00eenfiin\u021bat\u0103 \u00een anul 2014 \u0219i promoveaz\u0103 s\u0103n\u0103tatea mintal\u0103 prin servicii \u0219i instrumente de urgen\u021b\u0103 \u0219i sprijin psihosocial, la nivel na\u021bional, 24\/7, \u0219i prin campanii de informare, preven\u021bie, evaluare \u0219i interven\u021bie. Printre proiectele dezvoltate de Asocia\u021bia Happy Minds se num\u0103r\u0103: depreHUB (primul hub antidepresie din Rom\u00e2nia), depreHUB teens (prim-ajutor emo\u021bional pentru adolescen\u021bi), \u201eEU ce fac mai departe?\u201d (evalu\u0103ri voca\u021bionale gratuite pentru elevii din ani terminali) \u201eCaravana Happy Minds\u201d (integrarea copiilor cu p\u0103rin\u021bi pleca\u021bi \u00een str\u0103in\u0103tate), \u201eEduca\u021bie prin egalitate\u201d (dezvoltarea eficient\u0103 a copilului \u00een raport cu \u0219coala \u0219i mediul familial).<\/p>\n<p style=\"font-weight: 400;\"><strong>Despre Asocia\u021bia Moa\u0219elor Independente<\/strong><br \/>\nAsocia\u021bia Moa\u0219elor Independente (AMI) este o organiza\u021bie non-profit care, de peste 10 ani, \u00ee\u0219i desf\u0103\u0219oar\u0103 activitatea \u00een sprijinul femeilor, mamelor, copiilor \u0219i familiilor din Rom\u00e2nia. \u00cen prezent, AMI furnizeaz\u0103 pentru peste 5.500 de beneficiari lunari servicii de s\u0103n\u0103tate pentru gravide, mame \u0219i nou-n\u0103scu\u021bi, servicii medicale \u0219i navigare \u00een sistemul medical pentru persoane vulnerabile \u0219i refugiate, precum \u0219i ac\u021biuni de advocacy \u0219i pentru protejarea drepturilor femeilor la s\u0103n\u0103tate reproductiv\u0103 \u0219i pentru prevenirea \u0219i combaterea violen\u021bei sexuale \u0219i de gen.<\/p>\n<p style=\"font-weight: 400;\">____________________<\/p>\n<p><em>Pentru detalii suplimentare:<br \/>\nMelania Tudose, Pre\u0219edint\u0103 a Asocia\u021biei Moa\u0219elor Independente<br \/>\n+40 722 751 540<br \/>\nmelania.tudose@moasele.ro<\/em><\/p>\n<p>&nbsp;<\/p>\n<p><img loading=\"lazy\" decoding=\"async\" class=\"aligncenter wp-image-898 size-large\" src=\"https:\/\/moasele.ro\/wp-content\/uploads\/2023\/10\/2-1024x1024.png\" alt=\"\" width=\"1024\" height=\"1024\" srcset=\"https:\/\/moasele.ro\/wp-content\/uploads\/2023\/10\/2-1024x1024.png 1024w, https:\/\/moasele.ro\/wp-content\/uploads\/2023\/10\/2-300x300.png 300w, https:\/\/moasele.ro\/wp-content\/uploads\/2023\/10\/2-100x100.png 100w, https:\/\/moasele.ro\/wp-content\/uploads\/2023\/10\/2-600x600.png 600w, https:\/\/moasele.ro\/wp-content\/uploads\/2023\/10\/2-150x150.png 150w, https:\/\/moasele.ro\/wp-content\/uploads\/2023\/10\/2-768x768.png 768w, https:\/\/moasele.ro\/wp-content\/uploads\/2023\/10\/2-12x12.png 12w, https:\/\/moasele.ro\/wp-content\/uploads\/2023\/10\/2.png 1080w\" sizes=\"auto, (max-width: 1024px) 100vw, 1024px\" \/><\/p>","protected":false},"featured_media":896,"template":"","class_list":["post-895","comunicat-de-presa","type-comunicat-de-presa","status-publish","has-post-thumbnail","hentry"],"acf":[],"_links":{"self":[{"href":"https:\/\/moasele.ro\/en\/wp-json\/wp\/v2\/comunicat-de-presa\/895","targetHints":{"allow":["GET"]}}],"collection":[{"href":"https:\/\/moasele.ro\/en\/wp-json\/wp\/v2\/comunicat-de-presa"}],"about":[{"href":"https:\/\/moasele.ro\/en\/wp-json\/wp\/v2\/types\/comunicat-de-presa"}],"wp:featuredmedia":[{"embeddable":true,"href":"https:\/\/moasele.ro\/en\/wp-json\/wp\/v2\/media\/896"}],"wp:attachment":[{"href":"https:\/\/moasele.ro\/en\/wp-json\/wp\/v2\/media?parent=895"}],"curies":[{"name":"wp","href":"https:\/\/api.w.org\/{rel}","templated":true}]}}