{"id":231,"date":"2023-04-25T05:41:28","date_gmt":"2023-04-25T05:41:28","guid":{"rendered":"https:\/\/moasele.ro\/?page_id=231"},"modified":"2024-03-11T10:35:55","modified_gmt":"2024-03-11T10:35:55","slug":"comunicate-de-presa","status":"publish","type":"page","link":"https:\/\/moasele.ro\/en\/comunicate-de-presa\/","title":{"rendered":"Press"},"content":{"rendered":"<section class=\"bde-section-231-102 bde-section\">\n  \n\t\n\n\n\n<div class=\"section-container\"><h2 class=\"bde-heading-231-103 bde-heading\">\nPress\n<\/h2><div class=\"bde-post-list-231-104 bde-post-list\">\n<div class=\"ee-posts ee-posts-grid\">    <section class=\"ee-post\">\n        \n                                <a class=\"ee-post-image-link ee-posts-image-top\" href=\"https:\/\/moasele.ro\/en\/comunicat-de-presa\/suspendarea-proiectului-sanatate-pentru-noi-toate\/\">\n                <div class=\"ee-post-image\">\n                    <img loading=\"lazy\" decoding=\"async\" width=\"1024\" height=\"1024\" src=\"https:\/\/moasele.ro\/wp-content\/uploads\/2025\/06\/WhatsApp-Image-2025-06-05-at-14.55.55.jpeg\" class=\"attachment-full size-full wp-post-image\" alt=\"\" srcset=\"https:\/\/moasele.ro\/wp-content\/uploads\/2025\/06\/WhatsApp-Image-2025-06-05-at-14.55.55.jpeg 1024w, https:\/\/moasele.ro\/wp-content\/uploads\/2025\/06\/WhatsApp-Image-2025-06-05-at-14.55.55-300x300.jpeg 300w, https:\/\/moasele.ro\/wp-content\/uploads\/2025\/06\/WhatsApp-Image-2025-06-05-at-14.55.55-150x150.jpeg 150w, https:\/\/moasele.ro\/wp-content\/uploads\/2025\/06\/WhatsApp-Image-2025-06-05-at-14.55.55-768x768.jpeg 768w, https:\/\/moasele.ro\/wp-content\/uploads\/2025\/06\/WhatsApp-Image-2025-06-05-at-14.55.55-12x12.jpeg 12w, https:\/\/moasele.ro\/wp-content\/uploads\/2025\/06\/WhatsApp-Image-2025-06-05-at-14.55.55-600x600.jpeg 600w, https:\/\/moasele.ro\/wp-content\/uploads\/2025\/06\/WhatsApp-Image-2025-06-05-at-14.55.55-100x100.jpeg 100w\" sizes=\"auto, (max-width: 1024px) 100vw, 1024px\" \/>                <\/div>\n            <\/a>\n        \n        \n        <div class=\"ee-post-wrap\">\n            \n                            <h3 class=\"ee-post-title\">\n                    <a class=\"ee-post-title-link\" href=\"https:\/\/moasele.ro\/en\/comunicat-de-presa\/suspendarea-proiectului-sanatate-pentru-noi-toate\/\" >\n                        Suspendarea proiectului \u201dS\u0103n\u0103tate pentru noi toate\u201d                    <\/a>\n                <\/h3>\n                            <div class=\"ee-post-meta\">\n                    \n                <\/div>\n                            <div class=\"ee-post-content\">\n                    Dorim s\u0103 v\u0103 inform\u0103m cu privire la o schimbare important\u0103 legat\u0103 de proiectul nostru \u201eS\u0103n\u0103tate pentru noi toate\u201d, desf\u0103\u0219urat cu [...]                <\/div>\n            \n    \n                                    \n    \n    \n    \n    \n            \n                    \n            \n            \n\n    \n    \n    \n    \n    <a class=\"breakdance-link button-atom button-atom--custom ee-post-button\" href=\"https:\/\/moasele.ro\/en\/comunicat-de-presa\/suspendarea-proiectului-sanatate-pentru-noi-toate\/\" target=\"_self\" data-type=\"\"  >\n\n    \n        <span class=\"button-atom__text\">Read more<\/span>\n\n        \n        \n                <\/a>\n\n    \n\n\n\n\n            \n        <\/div>\n\n            <\/section>\n\n    <section class=\"ee-post\">\n        \n                                <a class=\"ee-post-image-link ee-posts-image-top\" href=\"https:\/\/moasele.ro\/en\/comunicat-de-presa\/ghid-pentru-prevenirea-recurentei-sarcinilor-la-minore\/\">\n                <div class=\"ee-post-image\">\n                    <img loading=\"lazy\" decoding=\"async\" width=\"400\" height=\"300\" src=\"https:\/\/moasele.ro\/wp-content\/uploads\/2025\/02\/Cover_site-Proiecte.png\" class=\"attachment-full size-full wp-post-image\" alt=\"\" srcset=\"https:\/\/moasele.ro\/wp-content\/uploads\/2025\/02\/Cover_site-Proiecte.png 400w, https:\/\/moasele.ro\/wp-content\/uploads\/2025\/02\/Cover_site-Proiecte-300x225.png 300w, https:\/\/moasele.ro\/wp-content\/uploads\/2025\/02\/Cover_site-Proiecte-16x12.png 16w\" sizes=\"auto, (max-width: 400px) 100vw, 400px\" \/>                <\/div>\n            <\/a>\n        \n        \n        <div class=\"ee-post-wrap\">\n            \n                            <h3 class=\"ee-post-title\">\n                    <a class=\"ee-post-title-link\" href=\"https:\/\/moasele.ro\/en\/comunicat-de-presa\/ghid-pentru-prevenirea-recurentei-sarcinilor-la-minore\/\" >\n                        Sarcinile la minore, o criz\u0103 de s\u0103n\u0103tate public\u0103 \u00een Rom\u00e2nia | Ghid pentru \u00een\u021belegerea \u0219i combaterea acestei probleme                    <\/a>\n                <\/h3>\n                            <div class=\"ee-post-meta\">\n                    \n                <\/div>\n                            <div class=\"ee-post-content\">\n                    25 februarie 2025 (COMUNICAT DE PRES\u0102) \u2013 Asocia\u021bia Moa\u0219elor Independente \u0219i Asocia\u021bia Moa\u0219elor din Rom\u00e2nia au lansat un Ghid pentru [...]                <\/div>\n            \n    \n                                    \n    \n    \n    \n    \n            \n                    \n            \n            \n\n    \n    \n    \n    \n    <a class=\"breakdance-link button-atom button-atom--custom ee-post-button\" href=\"https:\/\/moasele.ro\/en\/comunicat-de-presa\/ghid-pentru-prevenirea-recurentei-sarcinilor-la-minore\/\" target=\"_self\" data-type=\"\"  >\n\n    \n        <span class=\"button-atom__text\">Read more<\/span>\n\n        \n        \n                <\/a>\n\n    \n\n\n\n\n            \n        <\/div>\n\n            <\/section>\n\n    <section class=\"ee-post\">\n        \n                                <a class=\"ee-post-image-link ee-posts-image-top\" href=\"https:\/\/moasele.ro\/en\/comunicat-de-presa\/societatea-civila-solicita-mipe-sa-deblocheze-fondurile-europene-pentru-sanatate\/\">\n                <div class=\"ee-post-image\">\n                    <img loading=\"lazy\" decoding=\"async\" width=\"400\" height=\"300\" src=\"https:\/\/moasele.ro\/wp-content\/uploads\/2023\/10\/Untitled-design-1.png\" class=\"attachment-full size-full wp-post-image\" alt=\"\" srcset=\"https:\/\/moasele.ro\/wp-content\/uploads\/2023\/10\/Untitled-design-1.png 400w, https:\/\/moasele.ro\/wp-content\/uploads\/2023\/10\/Untitled-design-1-300x225.png 300w, https:\/\/moasele.ro\/wp-content\/uploads\/2023\/10\/Untitled-design-1-16x12.png 16w\" sizes=\"auto, (max-width: 400px) 100vw, 400px\" \/>                <\/div>\n            <\/a>\n        \n        \n        <div class=\"ee-post-wrap\">\n            \n                            <h3 class=\"ee-post-title\">\n                    <a class=\"ee-post-title-link\" href=\"https:\/\/moasele.ro\/en\/comunicat-de-presa\/societatea-civila-solicita-mipe-sa-deblocheze-fondurile-europene-pentru-sanatate\/\" >\n                        Societatea civil\u0103 solicit\u0103 MIPE s\u0103 deblocheze fondurile europene pentru s\u0103n\u0103tate \u0219i s\u0103 lanseze urgent apelurile de proiecte finan\u021bate din Fondul Social European Plus: De peste 2 ani, asigur\u0103m din resurse proprii nevoile de produse contraceptive, de protec\u021bie \u0219i de materiale informative ale tuturor cabinetelor de planificare familial\u0103 din \u021bar\u0103, inclusiv ale maternit\u0103\u021bilor \u0219i cabinetelor de obstetric\u0103-ginecologie                    <\/a>\n                <\/h3>\n                            <div class=\"ee-post-meta\">\n                    \n                <\/div>\n                            <div class=\"ee-post-content\">\n                    16 decembrie 2024 (COMUNICAT DE PRES\u0102) \u2013 Asocia\u021bia Moa\u0219elor Independente, al\u0103turi de peste 50 de organiza\u021bii ale societ\u0103\u021bii civile membre [...]                <\/div>\n            \n    \n                                    \n    \n    \n    \n    \n            \n                    \n            \n            \n\n    \n    \n    \n    \n    <a class=\"breakdance-link button-atom button-atom--custom ee-post-button\" href=\"https:\/\/moasele.ro\/en\/comunicat-de-presa\/societatea-civila-solicita-mipe-sa-deblocheze-fondurile-europene-pentru-sanatate\/\" target=\"_self\" data-type=\"\"  >\n\n    \n        <span class=\"button-atom__text\">Read more<\/span>\n\n        \n        \n                <\/a>\n\n    \n\n\n\n\n            \n        <\/div>\n\n            <\/section>\n\n    <section class=\"ee-post\">\n        \n                                <a class=\"ee-post-image-link ee-posts-image-top\" href=\"https:\/\/moasele.ro\/en\/comunicat-de-presa\/cercetare-privind-violenta-obstetrica-si-experienta-nasterii\/\">\n                <div class=\"ee-post-image\">\n                    <img loading=\"lazy\" decoding=\"async\" width=\"400\" height=\"300\" src=\"https:\/\/moasele.ro\/wp-content\/uploads\/2024\/09\/Cover_site-Conferinta-CJ_Manifest-pentru-moase-si-drepturile-femeilor.png\" class=\"attachment-full size-full wp-post-image\" alt=\"\" srcset=\"https:\/\/moasele.ro\/wp-content\/uploads\/2024\/09\/Cover_site-Conferinta-CJ_Manifest-pentru-moase-si-drepturile-femeilor.png 400w, https:\/\/moasele.ro\/wp-content\/uploads\/2024\/09\/Cover_site-Conferinta-CJ_Manifest-pentru-moase-si-drepturile-femeilor-300x225.png 300w, https:\/\/moasele.ro\/wp-content\/uploads\/2024\/09\/Cover_site-Conferinta-CJ_Manifest-pentru-moase-si-drepturile-femeilor-16x12.png 16w\" sizes=\"auto, (max-width: 400px) 100vw, 400px\" \/>                <\/div>\n            <\/a>\n        \n        \n        <div class=\"ee-post-wrap\">\n            \n                            <h3 class=\"ee-post-title\">\n                    <a class=\"ee-post-title-link\" href=\"https:\/\/moasele.ro\/en\/comunicat-de-presa\/cercetare-privind-violenta-obstetrica-si-experienta-nasterii\/\" >\n                        Cercetare privind violen\u021ba obstetric\u0103 \u0219i experien\u021ba na\u0219terii, realizat\u0103 \u00een premier\u0103 \u00een Rom\u00e2nia de Asocia\u021bia Moa\u0219elor Independente: Violen\u021ba obstetric\u0103 este des \u00eent\u00e2lnit\u0103 \u00een multiple forme \u00een spitale, dar pu\u021bin con\u0219tientizat\u0103 sau recunoscut\u0103 de femei                    <\/a>\n                <\/h3>\n                            <div class=\"ee-post-meta\">\n                    \n                <\/div>\n                            <div class=\"ee-post-content\">\n                    11 septembrie 2024 (COMUNICAT DE PRES\u0102) \u2013 Violen\u021ba obstetric\u0103 &#8211; o form\u0103 a violen\u021bei de gen &#8211; este experimentat\u0103 des [...]                <\/div>\n            \n    \n                                    \n    \n    \n    \n    \n            \n                    \n            \n            \n\n    \n    \n    \n    \n    <a class=\"breakdance-link button-atom button-atom--custom ee-post-button\" href=\"https:\/\/moasele.ro\/en\/comunicat-de-presa\/cercetare-privind-violenta-obstetrica-si-experienta-nasterii\/\" target=\"_self\" data-type=\"\"  >\n\n    \n        <span class=\"button-atom__text\">Read more<\/span>\n\n        \n        \n                <\/a>\n\n    \n\n\n\n\n            \n        <\/div>\n\n            <\/section>\n\n    <section class=\"ee-post\">\n        \n                                <a class=\"ee-post-image-link ee-posts-image-top\" href=\"https:\/\/moasele.ro\/en\/comunicat-de-presa\/program-educational-despre-sanatate-si-prevenirea-abuzurilor-dedicat-copiilor-institutionalizati\/\">\n                <div class=\"ee-post-image\">\n                    <img loading=\"lazy\" decoding=\"async\" width=\"400\" height=\"300\" src=\"https:\/\/moasele.ro\/wp-content\/uploads\/2023\/10\/Untitled-design-1.png\" class=\"attachment-full size-full wp-post-image\" alt=\"\" srcset=\"https:\/\/moasele.ro\/wp-content\/uploads\/2023\/10\/Untitled-design-1.png 400w, https:\/\/moasele.ro\/wp-content\/uploads\/2023\/10\/Untitled-design-1-300x225.png 300w, https:\/\/moasele.ro\/wp-content\/uploads\/2023\/10\/Untitled-design-1-16x12.png 16w\" sizes=\"auto, (max-width: 400px) 100vw, 400px\" \/>                <\/div>\n            <\/a>\n        \n        \n        <div class=\"ee-post-wrap\">\n            \n                            <h3 class=\"ee-post-title\">\n                    <a class=\"ee-post-title-link\" href=\"https:\/\/moasele.ro\/en\/comunicat-de-presa\/program-educational-despre-sanatate-si-prevenirea-abuzurilor-dedicat-copiilor-institutionalizati\/\" >\n                        Program educa\u021bional despre s\u0103n\u0103tate \u0219i prevenirea abuzurilor dedicat copiilor institu\u021bionaliza\u021bi, derulat de Asocia\u021bia Moa\u0219elor Independente \u0219i ANPDCA                    <\/a>\n                <\/h3>\n                            <div class=\"ee-post-meta\">\n                    \n                <\/div>\n                            <div class=\"ee-post-content\">\n                    15 mai 2024 (COMUNICAT DE PRES\u0102) \u2013 Asocia\u021bia Moa\u0219elor Independente (AMI), \u00een parteneriat cu Autoritatea Na\u021bional\u0103 pentru Protec\u021bia Drepturilor Copilului [...]                <\/div>\n            \n    \n                                    \n    \n    \n    \n    \n            \n                    \n            \n            \n\n    \n    \n    \n    \n    <a class=\"breakdance-link button-atom button-atom--custom ee-post-button\" href=\"https:\/\/moasele.ro\/en\/comunicat-de-presa\/program-educational-despre-sanatate-si-prevenirea-abuzurilor-dedicat-copiilor-institutionalizati\/\" target=\"_self\" data-type=\"\"  >\n\n    \n        <span class=\"button-atom__text\">Read more<\/span>\n\n        \n        \n                <\/a>\n\n    \n\n\n\n\n            \n        <\/div>\n\n            <\/section>\n\n    <section class=\"ee-post\">\n        \n                                <a class=\"ee-post-image-link ee-posts-image-top\" href=\"https:\/\/moasele.ro\/en\/comunicat-de-presa\/map-of-access-to-safe-abortion-in-romania\/\">\n                <div class=\"ee-post-image\">\n                    <img loading=\"lazy\" decoding=\"async\" width=\"400\" height=\"300\" src=\"https:\/\/moasele.ro\/wp-content\/uploads\/2024\/04\/Cover-Comunicate-de-presa-AMI-2.png\" class=\"attachment-full size-full wp-post-image\" alt=\"\" srcset=\"https:\/\/moasele.ro\/wp-content\/uploads\/2024\/04\/Cover-Comunicate-de-presa-AMI-2.png 400w, https:\/\/moasele.ro\/wp-content\/uploads\/2024\/04\/Cover-Comunicate-de-presa-AMI-2-300x225.png 300w, https:\/\/moasele.ro\/wp-content\/uploads\/2024\/04\/Cover-Comunicate-de-presa-AMI-2-16x12.png 16w\" sizes=\"auto, (max-width: 400px) 100vw, 400px\" \/>                <\/div>\n            <\/a>\n        \n        \n        <div class=\"ee-post-wrap\">\n            \n                            <h3 class=\"ee-post-title\">\n                    <a class=\"ee-post-title-link\" href=\"https:\/\/moasele.ro\/en\/comunicat-de-presa\/map-of-access-to-safe-abortion-in-romania\/\" >\n                        Map of access to safe abortion in Romania: Over 80% of public medical facilities do not provide abortion services or cannot be contacted                    <\/a>\n                <\/h3>\n                            <div class=\"ee-post-meta\">\n                    \n                <\/div>\n                            <div class=\"ee-post-content\">\n                    March 6, 2024 (PRESS RELEASE) \u2013 The Independent Midwives Association has retraced, within a research, the route that any patient [...]                <\/div>\n            \n    \n                                    \n    \n    \n    \n    \n            \n                    \n            \n            \n\n    \n    \n    \n    \n    <a class=\"breakdance-link button-atom button-atom--custom ee-post-button\" href=\"https:\/\/moasele.ro\/en\/comunicat-de-presa\/map-of-access-to-safe-abortion-in-romania\/\" target=\"_self\" data-type=\"\"  >\n\n    \n        <span class=\"button-atom__text\">Read more<\/span>\n\n        \n        \n                <\/a>\n\n    \n\n\n\n\n            \n        <\/div>\n\n            <\/section>\n\n<\/div><div class=\"bde-posts-pagination bde-posts-navigation-numbers\"><ul><li class=\"bde-posts-navigation-numbers--active\"><a class=\"is-active\" href='https:\/\/moasele.ro\/en\/wp-json\/wp\/v2\/pages\/231\/'>1<\/a><\/li><li ><a  href='https:\/\/moasele.ro\/en\/wp-json\/wp\/v2\/pages\/231\/page\/2\/'>2<\/a><\/li><li ><a  href='https:\/\/moasele.ro\/en\/wp-json\/wp\/v2\/pages\/231\/page\/3\/'>3<\/a><\/li><li ><a  href='https:\/\/moasele.ro\/en\/wp-json\/wp\/v2\/pages\/231\/page\/4\/'>4<\/a><\/li><\/ul><\/div>\n<\/div><\/div>\n<\/section>","protected":false},"excerpt":{"rendered":"","protected":false},"author":148,"featured_media":0,"parent":0,"menu_order":0,"comment_status":"closed","ping_status":"closed","template":"","meta":{"_breakdance_hide_in_design_set":false,"_breakdance_tags":"","footnotes":""},"class_list":["post-231","page","type-page","status-publish","hentry"],"acf":[],"_links":{"self":[{"href":"https:\/\/moasele.ro\/en\/wp-json\/wp\/v2\/pages\/231","targetHints":{"allow":["GET"]}}],"collection":[{"href":"https:\/\/moasele.ro\/en\/wp-json\/wp\/v2\/pages"}],"about":[{"href":"https:\/\/moasele.ro\/en\/wp-json\/wp\/v2\/types\/page"}],"author":[{"embeddable":true,"href":"https:\/\/moasele.ro\/en\/wp-json\/wp\/v2\/users\/148"}],"replies":[{"embeddable":true,"href":"https:\/\/moasele.ro\/en\/wp-json\/wp\/v2\/comments?post=231"}],"version-history":[{"count":7,"href":"https:\/\/moasele.ro\/en\/wp-json\/wp\/v2\/pages\/231\/revisions"}],"predecessor-version":[{"id":1368,"href":"https:\/\/moasele.ro\/en\/wp-json\/wp\/v2\/pages\/231\/revisions\/1368"}],"wp:attachment":[{"href":"https:\/\/moasele.ro\/en\/wp-json\/wp\/v2\/media?parent=231"}],"curies":[{"name":"wp","href":"https:\/\/api.w.org\/{rel}","templated":true}]}}